{"id":5116,"date":"2020-11-02T14:18:39","date_gmt":"2020-11-02T13:18:39","guid":{"rendered":"https:\/\/www.horizontresort.sk\/a-szallodarol\/uzitocne-informacie\/"},"modified":"2026-03-16T13:49:33","modified_gmt":"2026-03-16T12:49:33","slug":"hasznos-informaciok","status":"publish","type":"page","link":"https:\/\/www.horizontresort.sk\/hu\/a-szallodarol\/hasznos-informaciok\/","title":{"rendered":"Hasznos inform\u00e1ci\u00f3k"},"content":{"rendered":"<p>Kedves Vend\u00e9geink, az al\u00e1bbiakban \u00f6sszegy\u0171jt\u00f6tt\u00fck az \u00d6n\u00f6k tart\u00f3zkod\u00e1s\u00e1hoz sz\u00fcks\u00e9ges legfontosabb inform\u00e1ci\u00f3kat. Amennyiben k\u00e9rd\u00e9s\u00fck mer\u00fclne fel, k\u00e9rj\u00fck, forduljanak bizalommal sz\u00e1llod\u00e1nk recepci\u00f3j\u00e1hoz vagy a foglal\u00e1si oszt\u00e1lyhoz. Kellemes pihen\u00e9st k\u00edv\u00e1nunk.<\/p>\n<h2>Recepci\u00f3<\/h2>\n<div class=\"gdc_row\">\n<div class=\"gdc_column gdc_chalf\">\n<div class=\"gdc_inner\">\n<p><strong>ONLINE CHECK IN REGISZTR\u00c1CI\u00d3S \u0170RLAP<\/strong><\/p>\n<p>Az id\u0151megtakar\u00edt\u00e1s \u00e9s az \u00d6n\u00f6k k\u00e9nyelme \u00e9rdek\u00e9ben bevezett\u00fck a gyors online Check in lehet\u0151s\u00e9get. Ennek k\u00f6sz\u00f6nhet\u0151en a bejelentkez\u00e9s egyszer\u0171 \u00e9s gyors, felesleges v\u00e1rakoz\u00e1s n\u00e9lk\u00fcl.<\/p>\n<p>Az \u00e9rkez\u00e9s el\u0151tt 3 nappal automatikusan e mailt k\u00fcld\u00fcnk az online Check in kit\u00f6lt\u00e9s\u00e9re. Amennyiben elfelejten\u00e9, a rendszer 1 nappal az \u00e9rkez\u00e9s el\u0151tt eml\u00e9keztet\u0151t k\u00fcld.<\/p>\n<p>Az online Check in \u0171rlap egyszer\u0171, csak alapvet\u0151 szem\u00e9lyes adatok megad\u00e1s\u00e1t ig\u00e9nyli, mint n\u00e9v, vezet\u00e9kn\u00e9v, lakc\u00edm \u00e9s szem\u00e9lyi igazolv\u00e1ny sz\u00e1ma. Az \u0171rlap otthonr\u00f3l vagy \u00fatk\u00f6zben is k\u00e9nyelmesen kit\u00f6lthet\u0151. Az adatok a foglal\u00e1s feldolgoz\u00e1s\u00e1hoz sz\u00fcks\u00e9gesek, \u00e9s seg\u00edtenek felgyors\u00edtani az \u00e9rkez\u00e9si folyamatot, \u00edgy elker\u00fclhet\u0151 a v\u00e1rakoz\u00e1s a recepci\u00f3n.<\/p>\n<p>K\u00e9rj\u00fck, minden esetben t\u00f6ltse ki az online Check in \u0171rlapot. A foglal\u00e1skor minden vend\u00e9g e mailben megkapja a sz\u00fcks\u00e9ges linket.<\/p>\n<\/div>\n<\/div>\n<div class=\"gdc_column gdc_chalf\">\n<div class=\"gdc_inner\">\n<p>Sz\u00e1llod\u00e1nk recepci\u00f3ja a nap 24 \u00f3r\u00e1j\u00e1ban rendelkez\u00e9s\u00fckre \u00e1ll. K\u00e9rd\u00e9s, foglal\u00e1s vagy b\u00e1rmilyen k\u00e9r\u00e9s eset\u00e9n b\u00e1rmikor fordulhatnak hozz\u00e1nk. Minden fontos inform\u00e1ci\u00f3t biztos\u00edtunk az itt tart\u00f3zkod\u00e1sukkal kapcsolatban.<\/p>\n<p>Check in: 14:00 \u00f3r\u00e1t\u00f3l Check out: 10:00 \u00f3r\u00e1ig<\/p>\n<p>Late Check out Korai Check in vagy k\u00e9s\u0151i Check out ig\u00e9ny eset\u00e9n k\u00e9rj\u00fck, vegy\u00e9k fel a kapcsolatot a recepci\u00f3val. Ezek a szolg\u00e1ltat\u00e1sok a sz\u00e1lloda aktu\u00e1lis kapacit\u00e1sait\u00f3l f\u00fcggnek.<\/p>\n<p>Late Check out 13:00 \u00f3r\u00e1ig 30 \u20ac<\/p>\n<p>Late Check out 16:00 \u00f3r\u00e1ig a szoba\u00e1r 50 sz\u00e1zal\u00e9ka 1 \u00e9jszak\u00e1ra<\/p>\n<p>Early Check in 10:00 \u00f3r\u00e1ig a szoba\u00e1r 50 sz\u00e1zal\u00e9ka 1 \u00e9jszak\u00e1ra<\/p>\n<p>Early Check in 10:00 \u00e9s 14:00 \u00f3ra k\u00f6z\u00f6tt 30 \u20ac<\/p>\n<\/div>\n<\/div>\n<\/div>\n<div class=\"gdc_row\">\n<div class=\"gdc_column gdc_chalf\">\n<div class=\"gdc_inner\">\n<h2>Internet<\/h2>\n<p>A sz\u00e1lloda eg\u00e9sz ter\u00fclet\u00e9n ingyenes Wi Fi internet el\u00e9rhet\u0151. A csatlakoz\u00e1shoz regisztr\u00e1ci\u00f3 sz\u00fcks\u00e9ges a sz\u00e1lloda alkalmaz\u00e1s\u00e1ban.<\/p>\n<\/div>\n<\/div>\n<div class=\"gdc_column gdc_chalf\">\n<div class=\"gdc_inner\">\n<h2>Parkol\u00e1s<\/h2>\n<p>A tart\u00f3zkod\u00e1s ideje alatt ingyenes parkol\u00e1s biztos\u00edtott az \u0151rz\u00f6tt sz\u00e1llodai parkol\u00f3ban. A parkol\u00f3 kapacit\u00e1sa 68 f\u00e9r\u0151hely.<\/p>\n<\/div>\n<\/div>\n<\/div>\n<div class=\"gdc_row\">\n<div class=\"gdc_column gdc_chalf\">\n<div class=\"gdc_inner\">\n<h2>\u00c9tkez\u00e9s<\/h2>\n<p>Kiv\u00e9teles sz\u00e1llodai \u00e9tterm\u00fcnkben s\u00e9f\u00fcnk a modern gasztron\u00f3miai trendeknek megfelel\u0151 men\u00fct k\u00e9sz\u00edtett \u00d6n\u00f6k sz\u00e1m\u00e1ra. A sz\u00e1ll\u00e1s \u00e1ra tartalmazza a reggelit \u00e9s a vacsor\u00e1t, italok n\u00e9lk\u00fcl.<\/p>\n<p>\u00d6lt\u00f6zk\u00f6d\u00e9si szab\u00e1ly az \u00e9tteremben: javasolt a h\u00e9tk\u00f6znapi, eleg\u00e1ns \u00f6lt\u00f6zet. F\u00fcrd\u0151ruh\u00e1ban, f\u00fcrd\u0151k\u00f6penyben, r\u00f6vidnadr\u00e1gban vagy papucsban az \u00e9tterem nem l\u00e1togathat\u00f3.<\/p>\n<ul>\n<li>Reggeli: 7:00 \u2013 10:00 a sz\u00e1llodai \u00e9tteremben, a recepci\u00f3n\u00e1l, a 2. emeleten<\/li>\n<li>Vacsora: 18:00 \u2013 21:00 (\u00e1prilis 1. \u2013 okt\u00f3ber 30.) 17:00 \u2013 20:00 (okt\u00f3ber 31. \u2013 m\u00e1rcius 31.)<\/li>\n<li>Eb\u00e9d: A la carte men\u00fc az \u00e9tterem nyitvatart\u00e1si idej\u00e9ben 12:00 \u2013 16:00 (\u00e1prilis 1. \u2013 november 2.) 12:00 \u2013 15:00 (november 3. \u2013 m\u00e1rcius 31.)<\/li>\n<\/ul>\n<p>A sz\u00e1llodai szob\u00e1kban ingyenes k\u00e1v\u00e9 \u00e9s tea k\u00e9sz\u00edt\u00e9si lehet\u0151s\u00e9g \u00e1ll rendelkez\u00e9sre. Napk\u00f6zben k\u00f6nny\u0171 harapnival\u00f3k rendelhet\u0151k a Lobby Barban.<\/p>\n<\/div>\n<\/div>\n<div class=\"gdc_column gdc_chalf\">\n<div class=\"gdc_inner\">\n<h2>Sz\u00e1llodai szolg\u00e1ltat\u00e1sok<\/h2>\n<p>Vend\u00e9geink sz\u00e1m\u00e1ra el\u00e9rhet\u0151 szolg\u00e1ltat\u00e1sok: vegytiszt\u00edt\u00e1s \u00e9s mosoda, vasal\u00f3 \u00e9s vasal\u00f3deszka k\u00f6lcs\u00f6nz\u00e9s, aj\u00e1nd\u00e9kbolt, turisztikai inform\u00e1ci\u00f3s szolg\u00e1ltat\u00e1sok, szobai\u00a0sz\u00e9f, csomagmeg\u0151rz\u00e9s, transzferszolg\u00e1ltat\u00e1s, p\u00e9nzv\u00e1lt\u00e1s, audiovizu\u00e1lis konferenciaeszk\u00f6z\u00f6k b\u00e9rl\u00e9se (flipchart, projektor, plazma TV sz\u00fcks\u00e9g szerint), m\u00e1sol\u00e1s, titk\u00e1rs\u00e1gi szolg\u00e1ltat\u00e1sok, tolm\u00e1csol\u00e1s, asszisztencia.<\/p>\n<\/div>\n<\/div>\n<\/div>\n<div class=\"gdc_row\">\n<div class=\"gdc_column gdc_chalf\">\n<div class=\"gdc_inner\">\n<h2>Gyermekek sz\u00e1m\u00e1ra biztos\u00edtott szolg\u00e1ltat\u00e1sok<\/h2>\n<p>Foglal\u00e1skor k\u00e9rj\u00fck, jelezz\u00e9k gyermek\u00fck ig\u00e9nyeit. Ig\u00e9ny szerint \u00e9s d\u00edjmentesen biztos\u00edtunk kis\u00e1gyat, etet\u0151sz\u00e9ket, fell\u00e9p\u0151t, babak\u00e1dat, bilit, cumimeleg\u00edt\u0151t, gyermekbiztons\u00e1gi aljzatv\u00e9d\u0151t, gyermek f\u00fcrd\u0151k\u00f6penyt, valamint gyermekmen\u00fct az \u00e9tteremben.<\/p>\n<p>A wellness recepci\u00f3n alapvet\u0151 baba felszerel\u00e9sek v\u00e1s\u00e1rolhat\u00f3k: pelenka, nedves t\u00f6rl\u0151kend\u0151, \u00fasz\u00f3karszalag vagy \u00fasz\u00f3felszerel\u00e9s. Az \u00e9tteremben gyermekmen\u00fc is el\u00e9rhet\u0151.<\/p>\n<\/div>\n<\/div>\n<div class=\"gdc_column gdc_chalf\">\n<div class=\"gdc_inner\">\n<h2>Anim\u00e1ci\u00f3s program<\/h2>\n<p>Minden p\u00e9nteken \u00e9s szombaton anim\u00e1ci\u00f3s programokat k\u00edn\u00e1lunk gyermekeknek \u00e9s feln\u0151tteknek egyar\u00e1nt. Medenc\u00e9s torn\u00e1k, versenyek, gyermekbulik \u00e9s diszk\u00f3k kabalafigur\u00e1kkal v\u00e1rj\u00e1k vend\u00e9geinket. Tart\u00f3zkod\u00e1suk alatt ig\u00e9nybe vehetik a Lobby Bar mellett tal\u00e1lhat\u00f3 gyereksarkot is.<\/p>\n<\/div>\n<\/div>\n<\/div>\n<div class=\"gdc_row\">\n<div class=\"gdc_column gdc_chalf\">\n<div class=\"gdc_inner\">\n<h2>Fizet\u00e9si k\u00e1rty\u00e1k<\/h2>\n<p>Sz\u00e1llod\u00e1nk az al\u00e1bbi bankk\u00e1rty\u00e1kat fogadja el: MasterCard, VISA, VISA Electron, International Maestro, American Express. A sz\u00e1lloda fenntartja a jogot a bankk\u00e1rty\u00e1k el\u0151zetes autoriz\u00e1l\u00e1s\u00e1ra \u00e9rkez\u00e9skor.<\/p>\n<\/div>\n<\/div>\n<div class=\"gdc_column gdc_chalf\">\n<div class=\"gdc_inner\">\n<h2>Mozg\u00e1skorl\u00e1tozott vend\u00e9gek<\/h2>\n<p>A Hotel Horizont Resort nem rendelkezik mozg\u00e1skorl\u00e1tozott vend\u00e9gek sz\u00e1m\u00e1ra kialak\u00edtott szob\u00e1kkal.<\/p>\n<\/div>\n<\/div>\n<\/div>\n<div class=\"gdc_row\">\n<div class=\"gdc_column gdc_chalf\">\n<div class=\"gdc_inner\">\n<h2>S\u00ed szoba<\/h2>\n<p>Vend\u00e9geink sz\u00e1m\u00e1ra modern, professzion\u00e1lis s\u00ed szoba \u00e1ll rendelkez\u00e9sre \u00f3zonos fert\u0151tlen\u00edt\u00e9ssel, s\u00edbakancs sz\u00e1r\u00edt\u00e1ssal, s\u00ed tart\u00f3kkal \u00e9s k\u00fcl\u00f6n bej\u00e1rattal a sz\u00e1lloda oldal\u00e1r\u00f3l az 1. emeleten. A t\u00e9li szezonban rendszeres id\u0151k\u00f6z\u00f6nk\u00e9nt SKI BUS k\u00f6zlekedik a sz\u00e1llod\u00e1t\u00f3l a t\u00e1trai s\u00edk\u00f6zpontokba.<\/p>\n<\/div>\n<\/div>\n<div class=\"gdc_column gdc_chalf\">\n<div class=\"gdc_inner\">\n<h2>H\u00e1zi\u00e1llatok<\/h2>\n<p>H\u00e1zi\u00e1llatok (kutya, macska) elsz\u00e1ll\u00e1sol\u00e1sa enged\u00e9lyezett. Nem tart\u00f3zkodhatnak azonban az \u00e9tterem \u00e9tkez\u0151tereiben, a b\u00e1rokban, a wellness k\u00f6zpontban \u00e9s a gyereksarokban. Ig\u00e9ny eset\u00e9n ingyenesen biztos\u00edtunk fekhelyet, etet\u0151 \u00e9s itat\u00f3t\u00e1lat. A tart\u00f3zkod\u00e1s d\u00edja 20 \u20ac \u00e9jszak\u00e1nk\u00e9nt.<\/p>\n<p>A k\u00f6z\u00f6ss\u00e9gi terekben a kuty\u00e1t p\u00f3r\u00e1zon kell tartani, \u00e9s a tulajdonos fel\u00fcgyelete k\u00f6telez\u0151. Az \u00e1llatokat fel\u00fcgyelet n\u00e9lk\u00fcl hagyni tilos. A sz\u00e1llodai berendez\u00e9sekben okozott k\u00e1rok\u00e9rt a vend\u00e9g teljes felel\u0151ss\u00e9ggel tartozik.<\/p>\n<\/div>\n<\/div>\n<\/div>\n<div class=\"gdc_row\">\n<div class=\"gdc_column gdc_chalf\">\n<div class=\"gdc_inner\">\n<h2>Doh\u00e1nyz\u00e1s<\/h2>\n<p>A Hotel Horizont Resort nemdoh\u00e1nyz\u00f3 sz\u00e1lloda. Vend\u00e9geink sz\u00e1m\u00e1ra Cigar Lounge \u00e1ll rendelkez\u00e9sre a Lobby Bar mellett, valamint a doh\u00e1nyz\u00e1s kiz\u00e1r\u00f3lag a k\u00fclt\u00e9ri teraszokon enged\u00e9lyezett. A szob\u00e1kban t\u00f6rt\u00e9n\u0151 doh\u00e1nyz\u00e1s szigor\u00faan tilos, megszeg\u00e9se eset\u00e9n 50 \u20ac takar\u00edt\u00e1si d\u00edjat sz\u00e1m\u00edtunk fel.<\/p>\n<\/div>\n<\/div>\n<div class=\"gdc_column gdc_chalf\">\n<div class=\"gdc_inner\">\n<h2>Wellness szolg\u00e1ltat\u00e1sok<\/h2>\n<p>A sz\u00e1ll\u00e1s \u00e1ra tartalmazza a Mountain Wellness Center korl\u00e1tlan haszn\u00e1lat\u00e1t: \u00e9lm\u00e9nymedence b\u00e1rral \u00e9s pezsg\u0151f\u00fcrd\u0151vel, szaun\u00e1k (s\u00f3s, finn, g\u0151z, infra), relax\u00e1ci\u00f3s v\u00edz\u00e1gy, jacuzzi, pihen\u0151szoba v\u00edzes\u00e9ssel, mer\u00fcl\u0151medence.<\/p>\n<p>Aj\u00e1nljuk tov\u00e1bbi wellness szolg\u00e1ltat\u00e1saink el\u0151zetes lefoglal\u00e1s\u00e1t vagy \u00e9rkez\u00e9skor a Check in sor\u00e1n. Massz\u00e1zsok, kezel\u00e9sek \u00e9s az exkluz\u00edv Vip Sky Lounge priv\u00e1t z\u00f3na bel\u00e9p\u00e9se is foglalhat\u00f3.<\/p>\n<ul>\n<li><strong>Wellness szolg\u00e1ltat\u00e1sok a Hotel Hillsben<\/strong><br \/>\nIg\u00e9ny eset\u00e9n tov\u00e1bbi wellness szolg\u00e1ltat\u00e1sok v\u00e1s\u00e1rolhat\u00f3k a k\u00f6zeli Hotel Hillsben.<\/li>\n<\/ul>\n<\/div>\n<\/div>\n<\/div>\n<div class=\"line\"><\/div>\n<div class=\"gdc_row\">\n<div class=\"gdc_column gdc_chalf\">\n<div class=\"gdc_inner\">\n<h2>Nyitvatart\u00e1si id\u0151k<\/h2>\n<p><strong>\u00c9tterem<\/strong><br \/>\n7:00 &#8211; 21:00<\/p>\n<p><strong>Cigar Lounge<\/strong><br \/>\n9:00 &#8211; 22:00<\/p>\n<p><strong>Lobby bar<\/strong><br \/>\n9:00 &#8211; 22:00<\/p>\n<\/div>\n<\/div>\n<div class=\"gdc_column gdc_chalf\">\n<div class=\"gdc_inner\">\n<h2>Wellness k\u00f6zpont nyitvatart\u00e1sa<\/h2>\n<p><strong>Mountain Wellness Center<\/strong><br \/>\nH\u00e9tf\u0151 \u2013 p\u00e9ntek<br \/>\n14:00 \u2013 21:00 (medencet\u00e9r)<br \/>\n16:00 \u2013 21:00 (szaunavil\u00e1g)<br \/>\nSzombat \u2013 vas\u00e1rnap<br \/>\n10:00 \u2013 21:00 (medencet\u00e9r)<br \/>\n12:00 \u2013 21:00 (szaunavil\u00e1g)<\/p>\n<p><strong>Mountain Wellness Center \u2013 12 \u00e9v alatti gyermekek<\/strong><\/p>\n<p>H\u00e9tf\u0151 \u2013 p\u00e9ntek<br \/>\n14:00 \u2013 17:00 (szauna \u00e9s medence) 19:00 \u00f3r\u00e1ig (medence)<br \/>\nSzombat \u2013 vas\u00e1rnap<br \/>\n10:00 \u2013 17:00 (szauna \u00e9s medence) 19:00 \u00f3r\u00e1ig (medence)<\/p>\n<p><strong>Fitneszterem<\/strong><br \/>\n14:00 &#8211; 21:00<\/p>\n<p><strong>Vip Sky Lounge<\/strong><br \/>\nEls\u0151 id\u0151s\u00e1v 10:20 Utols\u00f3 id\u0151s\u00e1v 20:50<\/p>\n<\/div>\n<\/div>\n<\/div>\n<p>&nbsp;<\/p>\n","protected":false},"excerpt":{"rendered":"<p>Kedves Vend\u00e9geink, az al\u00e1bbiakban \u00f6sszegy\u0171jt\u00f6tt\u00fck az \u00d6n\u00f6k tart\u00f3zkod\u00e1s\u00e1hoz sz\u00fcks\u00e9ges legfontosabb inform\u00e1ci\u00f3kat. Amennyiben k\u00e9rd\u00e9s\u00fck mer\u00fclne fel, k\u00e9rj\u00fck, forduljanak bizalommal sz\u00e1llod\u00e1nk recepci\u00f3j\u00e1hoz vagy a foglal\u00e1si oszt\u00e1lyhoz. Kellemes pihen\u00e9st k\u00edv\u00e1nunk. Recepci\u00f3 &nbsp;<\/p>\n","protected":false},"author":1,"featured_media":4735,"parent":5112,"menu_order":44,"comment_status":"closed","ping_status":"closed","template":"","meta":{"footnotes":""},"class_list":["post-5116","page","type-page","status-publish","has-post-thumbnail","hentry"],"acf":[],"aioseo_notices":[],"_links":{"self":[{"href":"https:\/\/www.horizontresort.sk\/hu\/wp-json\/wp\/v2\/pages\/5116","targetHints":{"allow":["GET"]}}],"collection":[{"href":"https:\/\/www.horizontresort.sk\/hu\/wp-json\/wp\/v2\/pages"}],"about":[{"href":"https:\/\/www.horizontresort.sk\/hu\/wp-json\/wp\/v2\/types\/page"}],"author":[{"embeddable":true,"href":"https:\/\/www.horizontresort.sk\/hu\/wp-json\/wp\/v2\/users\/1"}],"replies":[{"embeddable":true,"href":"https:\/\/www.horizontresort.sk\/hu\/wp-json\/wp\/v2\/comments?post=5116"}],"version-history":[{"count":3,"href":"https:\/\/www.horizontresort.sk\/hu\/wp-json\/wp\/v2\/pages\/5116\/revisions"}],"predecessor-version":[{"id":5221,"href":"https:\/\/www.horizontresort.sk\/hu\/wp-json\/wp\/v2\/pages\/5116\/revisions\/5221"}],"up":[{"embeddable":true,"href":"https:\/\/www.horizontresort.sk\/hu\/wp-json\/wp\/v2\/pages\/5112"}],"wp:featuredmedia":[{"embeddable":true,"href":"https:\/\/www.horizontresort.sk\/hu\/wp-json\/wp\/v2\/media\/4735"}],"wp:attachment":[{"href":"https:\/\/www.horizontresort.sk\/hu\/wp-json\/wp\/v2\/media?parent=5116"}],"curies":[{"name":"wp","href":"https:\/\/api.w.org\/{rel}","templated":true}]}}